{"id":468,"date":"2021-11-03T11:01:51","date_gmt":"2021-11-03T11:01:51","guid":{"rendered":"http:\/\/ananda-fuerte.com\/?page_id=468"},"modified":"2023-01-23T17:08:11","modified_gmt":"2023-01-23T17:08:11","slug":"impressum-2","status":"publish","type":"page","link":"https:\/\/ananda-fuerte.com\/en\/impressum-2\/","title":{"rendered":"Imprint"},"content":{"rendered":"<div data-elementor-type=\"wp-page\" data-elementor-id=\"468\" class=\"elementor elementor-468\">\n\t\t\t\t\t\t<section class=\"elementor-section elementor-top-section elementor-element elementor-element-509cb1a0 elementor-section-boxed elementor-section-height-default elementor-section-height-default\" data-id=\"509cb1a0\" data-element_type=\"section\">\n\t\t\t\t\t\t<div class=\"elementor-container elementor-column-gap-default\">\n\t\t\t\t\t<div class=\"elementor-column elementor-col-100 elementor-top-column elementor-element elementor-element-663e4186\" data-id=\"663e4186\" data-element_type=\"column\">\n\t\t\t<div class=\"elementor-widget-wrap elementor-element-populated\">\n\t\t\t\t\t\t<div class=\"elementor-element elementor-element-4447835f elementor-widget elementor-widget-text-editor\" data-id=\"4447835f\" data-element_type=\"widget\" data-widget_type=\"text-editor.default\">\n\t\t\t\t<div class=\"elementor-widget-container\">\n\t\t\t<style>\/*! elementor - v3.23.0 - 05-08-2024 *\/\n.elementor-widget-text-editor.elementor-drop-cap-view-stacked .elementor-drop-cap{background-color:#69727d;color:#fff}.elementor-widget-text-editor.elementor-drop-cap-view-framed .elementor-drop-cap{color:#69727d;border:3px solid;background-color:transparent}.elementor-widget-text-editor:not(.elementor-drop-cap-view-default) .elementor-drop-cap{margin-top:8px}.elementor-widget-text-editor:not(.elementor-drop-cap-view-default) .elementor-drop-cap-letter{width:1em;height:1em}.elementor-widget-text-editor .elementor-drop-cap{float:left;text-align:center;line-height:1;font-size:50px}.elementor-widget-text-editor .elementor-drop-cap-letter{display:inline-block}<\/style>\t\t\t\t<p><!-- wp:paragraph --><\/p>\n<p><strong><br \/>Information according to \u00a7 5 TMG<\/strong><\/p>\n<p><!-- \/wp:paragraph --><\/p>\n<p><!-- wp:paragraph --><\/p>\n<p>Leonard Fahland<br \/>Marthe Brand<br \/>Practice for Health Coaching <br \/>C. La Ca\u00f1ada 22<br \/><span style=\"color: var( --e-global-color-text ); font-size: 18px;\">35628 P\u00e1jara, Las Palmas<\/span><\/p>\n<p><!-- \/wp:paragraph --><\/p>\n<p><!-- wp:paragraph --><\/p>\n<p><strong>Contact<\/strong><\/p>\n<p><!-- \/wp:paragraph --><\/p>\n<p><!-- wp:paragraph --><\/p>\n<p>Telefon: +34 643985101\u00a0<br \/>E-Mail: ananda-fuerte@gmx.de<\/p>\n<p><!-- \/wp:paragraph --><\/p>\n<p><!-- wp:paragraph --><\/p>\n<p><strong>EU dispute resolution<\/strong><\/p>\n<p><!-- \/wp:paragraph --><\/p>\n<p><!-- wp:paragraph --><\/p>\n<p>The European Commission provides a platform for online dispute resolution (ODR): https:\/\/ec.europa.eu\/consumers\/odr\/.<br \/>You can find our e-mail address in the imprint above.<\/p>\n<p><!-- \/wp:paragraph --><\/p>\n<p><!-- wp:paragraph --><\/p>\n<p><strong>Consumer dispute resolution\/universal arbitration board<\/strong><\/p>\n<p><!-- \/wp:paragraph --><\/p>\n<p><!-- wp:paragraph --><\/p>\n<p>We are not willing or obliged to participate in dispute resolution proceedings before a consumer arbitration board.<\/p>\n<p><!-- \/wp:paragraph --><\/p>\n<p><!-- wp:paragraph --><\/p>\n<p>Source:<\/p>\n<p><!-- \/wp:paragraph --><\/p>\n<p><!-- wp:embed {\"url\":\"https:\/\/www.e-recht24.de\/impressum-generator.html\"} --><\/p>\n<figure class=\"wp-block-embed\">\n<div class=\"wp-block-embed__wrapper\">https:\/\/www.e-recht24.de\/impressum-generator.html<\/div>\n<\/figure>\n<p><!-- \/wp:embed --><\/p>\t\t\t\t\t\t<\/div>\n\t\t\t\t<\/div>\n\t\t\t\t\t<\/div>\n\t\t<\/div>\n\t\t\t\t\t<\/div>\n\t\t<\/section>\n\t\t\t\t<\/div>","protected":false},"excerpt":{"rendered":"<p>Angaben gem\u00e4\u00df \u00a7 5 TMG Leonard FahlandMarthe BrandPraxis f\u00fcr Gesundheitscoaching C. La Ca\u00f1ada 2235628 P\u00e1jara, Las Palmas Kontakt Telefon: +34 643985101\u00a0E-Mail: ananda-fuerte@gmx.de EU-Streitschlichtung Die Europ\u00e4ische Kommission stellt eine Plattform zur [&hellip;]<\/p>\n","protected":false},"author":1,"featured_media":0,"parent":0,"menu_order":0,"comment_status":"closed","ping_status":"closed","template":"","meta":{"ocean_post_layout":"","ocean_both_sidebars_style":"","ocean_both_sidebars_content_width":0,"ocean_both_sidebars_sidebars_width":0,"ocean_sidebar":"0","ocean_second_sidebar":"0","ocean_disable_margins":"enable","ocean_add_body_class":"","ocean_shortcode_before_top_bar":"","ocean_shortcode_after_top_bar":"","ocean_shortcode_before_header":"","ocean_shortcode_after_header":"","ocean_has_shortcode":"","ocean_shortcode_after_title":"","ocean_shortcode_before_footer_widgets":"","ocean_shortcode_after_footer_widgets":"","ocean_shortcode_before_footer_bottom":"","ocean_shortcode_after_footer_bottom":"","ocean_display_top_bar":"default","ocean_display_header":"default","ocean_header_style":"","ocean_center_header_left_menu":"0","ocean_custom_header_template":"0","ocean_custom_logo":0,"ocean_custom_retina_logo":0,"ocean_custom_logo_max_width":0,"ocean_custom_logo_tablet_max_width":0,"ocean_custom_logo_mobile_max_width":0,"ocean_custom_logo_max_height":0,"ocean_custom_logo_tablet_max_height":0,"ocean_custom_logo_mobile_max_height":0,"ocean_header_custom_menu":"0","ocean_menu_typo_font_family":"0","ocean_menu_typo_font_subset":"","ocean_menu_typo_font_size":0,"ocean_menu_typo_font_size_tablet":0,"ocean_menu_typo_font_size_mobile":0,"ocean_menu_typo_font_size_unit":"px","ocean_menu_typo_font_weight":"","ocean_menu_typo_font_weight_tablet":"","ocean_menu_typo_font_weight_mobile":"","ocean_menu_typo_transform":"","ocean_menu_typo_transform_tablet":"","ocean_menu_typo_transform_mobile":"","ocean_menu_typo_line_height":0,"ocean_menu_typo_line_height_tablet":0,"ocean_menu_typo_line_height_mobile":0,"ocean_menu_typo_line_height_unit":"","ocean_menu_typo_spacing":0,"ocean_menu_typo_spacing_tablet":0,"ocean_menu_typo_spacing_mobile":0,"ocean_menu_typo_spacing_unit":"","ocean_menu_link_color":"","ocean_menu_link_color_hover":"","ocean_menu_link_color_active":"","ocean_menu_link_background":"","ocean_menu_link_hover_background":"","ocean_menu_link_active_background":"","ocean_menu_social_links_bg":"","ocean_menu_social_hover_links_bg":"","ocean_menu_social_links_color":"","ocean_menu_social_hover_links_color":"","ocean_disable_title":"on","ocean_disable_heading":"default","ocean_post_title":"","ocean_post_subheading":"","ocean_post_title_style":"","ocean_post_title_background_color":"","ocean_post_title_background":0,"ocean_post_title_bg_image_position":"","ocean_post_title_bg_image_attachment":"","ocean_post_title_bg_image_repeat":"","ocean_post_title_bg_image_size":"","ocean_post_title_height":0,"ocean_post_title_bg_overlay":0.5,"ocean_post_title_bg_overlay_color":"","ocean_disable_breadcrumbs":"default","ocean_breadcrumbs_color":"","ocean_breadcrumbs_separator_color":"","ocean_breadcrumbs_links_color":"","ocean_breadcrumbs_links_hover_color":"","ocean_display_footer_widgets":"default","ocean_display_footer_bottom":"default","ocean_custom_footer_template":"0"},"yoast_head":"<!-- This site is optimized with the Yoast SEO plugin v21.8.1 - https:\/\/yoast.com\/wordpress\/plugins\/seo\/ -->\n<title>Impressum - Ananda Ergotherapie und Yoga<\/title>\n<meta name=\"robots\" content=\"index, follow, max-snippet:-1, max-image-preview:large, max-video-preview:-1\" \/>\n<link rel=\"canonical\" href=\"https:\/\/ananda-fuerte.com\/en\/impressum-2\/\" \/>\n<meta property=\"og:locale\" content=\"en_GB\" \/>\n<meta property=\"og:type\" content=\"article\" \/>\n<meta property=\"og:title\" content=\"Impressum - Ananda Ergotherapie und Yoga\" \/>\n<meta property=\"og:description\" content=\"Angaben gem\u00e4\u00df \u00a7 5 TMG Leonard FahlandMarthe BrandPraxis f\u00fcr Gesundheitscoaching C. La Ca\u00f1ada 2235628 P\u00e1jara, Las Palmas Kontakt Telefon: +34 643985101\u00a0E-Mail: ananda-fuerte@gmx.de EU-Streitschlichtung Die Europ\u00e4ische Kommission stellt eine Plattform zur [&hellip;]\" \/>\n<meta property=\"og:url\" content=\"https:\/\/ananda-fuerte.com\/en\/impressum-2\/\" \/>\n<meta property=\"og:site_name\" content=\"Ananda Ergotherapie und Yoga\" \/>\n<meta property=\"article:modified_time\" content=\"2023-01-23T17:08:11+00:00\" \/>\n<meta name=\"twitter:card\" content=\"summary_large_image\" \/>\n<script type=\"application\/ld+json\" class=\"yoast-schema-graph\">{\"@context\":\"https:\/\/schema.org\",\"@graph\":[{\"@type\":\"WebPage\",\"@id\":\"https:\/\/ananda-fuerte.com\/impressum-2\/\",\"url\":\"https:\/\/ananda-fuerte.com\/impressum-2\/\",\"name\":\"Impressum - Ananda Ergotherapie und Yoga\",\"isPartOf\":{\"@id\":\"https:\/\/ananda-fuerte.com\/#website\"},\"datePublished\":\"2021-11-03T11:01:51+00:00\",\"dateModified\":\"2023-01-23T17:08:11+00:00\",\"breadcrumb\":{\"@id\":\"https:\/\/ananda-fuerte.com\/impressum-2\/#breadcrumb\"},\"inLanguage\":\"en-GB\",\"potentialAction\":[{\"@type\":\"ReadAction\",\"target\":[\"https:\/\/ananda-fuerte.com\/impressum-2\/\"]}]},{\"@type\":\"BreadcrumbList\",\"@id\":\"https:\/\/ananda-fuerte.com\/impressum-2\/#breadcrumb\",\"itemListElement\":[{\"@type\":\"ListItem\",\"position\":1,\"name\":\"Startseite\",\"item\":\"https:\/\/ananda-fuerte.com\/\"},{\"@type\":\"ListItem\",\"position\":2,\"name\":\"Impressum\"}]},{\"@type\":\"WebSite\",\"@id\":\"https:\/\/ananda-fuerte.com\/#website\",\"url\":\"https:\/\/ananda-fuerte.com\/\",\"name\":\"Ananda Ergotherapie und Yoga\",\"description\":\"Yoga und Ergotherapie auf Fuerteventura\",\"publisher\":{\"@id\":\"https:\/\/ananda-fuerte.com\/#organization\"},\"potentialAction\":[{\"@type\":\"SearchAction\",\"target\":{\"@type\":\"EntryPoint\",\"urlTemplate\":\"https:\/\/ananda-fuerte.com\/?s={search_term_string}\"},\"query-input\":\"required name=search_term_string\"}],\"inLanguage\":\"en-GB\"},{\"@type\":\"Organization\",\"@id\":\"https:\/\/ananda-fuerte.com\/#organization\",\"name\":\"Ananda Ergotherapie und Yoga\",\"url\":\"https:\/\/ananda-fuerte.com\/\",\"logo\":{\"@type\":\"ImageObject\",\"inLanguage\":\"en-GB\",\"@id\":\"https:\/\/ananda-fuerte.com\/#\/schema\/logo\/image\/\",\"url\":\"https:\/\/ananda-fuerte.com\/wp-content\/uploads\/2021\/11\/cropped-20211103_131625_0000.png\",\"contentUrl\":\"https:\/\/ananda-fuerte.com\/wp-content\/uploads\/2021\/11\/cropped-20211103_131625_0000.png\",\"width\":500,\"height\":178,\"caption\":\"Ananda Ergotherapie und Yoga\"},\"image\":{\"@id\":\"https:\/\/ananda-fuerte.com\/#\/schema\/logo\/image\/\"}}]}<\/script>\n<!-- \/ Yoast SEO plugin. -->","yoast_head_json":{"title":"Impressum - Ananda Ergotherapie und Yoga","robots":{"index":"index","follow":"follow","max-snippet":"max-snippet:-1","max-image-preview":"max-image-preview:large","max-video-preview":"max-video-preview:-1"},"canonical":"https:\/\/ananda-fuerte.com\/en\/impressum-2\/","og_locale":"en_GB","og_type":"article","og_title":"Impressum - Ananda Ergotherapie und Yoga","og_description":"Angaben gem\u00e4\u00df \u00a7 5 TMG Leonard FahlandMarthe BrandPraxis f\u00fcr Gesundheitscoaching C. La Ca\u00f1ada 2235628 P\u00e1jara, Las Palmas Kontakt Telefon: +34 643985101\u00a0E-Mail: ananda-fuerte@gmx.de EU-Streitschlichtung Die Europ\u00e4ische Kommission stellt eine Plattform zur [&hellip;]","og_url":"https:\/\/ananda-fuerte.com\/en\/impressum-2\/","og_site_name":"Ananda Ergotherapie und Yoga","article_modified_time":"2023-01-23T17:08:11+00:00","twitter_card":"summary_large_image","schema":{"@context":"https:\/\/schema.org","@graph":[{"@type":"WebPage","@id":"https:\/\/ananda-fuerte.com\/impressum-2\/","url":"https:\/\/ananda-fuerte.com\/impressum-2\/","name":"Impressum - Ananda Ergotherapie und Yoga","isPartOf":{"@id":"https:\/\/ananda-fuerte.com\/#website"},"datePublished":"2021-11-03T11:01:51+00:00","dateModified":"2023-01-23T17:08:11+00:00","breadcrumb":{"@id":"https:\/\/ananda-fuerte.com\/impressum-2\/#breadcrumb"},"inLanguage":"en-GB","potentialAction":[{"@type":"ReadAction","target":["https:\/\/ananda-fuerte.com\/impressum-2\/"]}]},{"@type":"BreadcrumbList","@id":"https:\/\/ananda-fuerte.com\/impressum-2\/#breadcrumb","itemListElement":[{"@type":"ListItem","position":1,"name":"Startseite","item":"https:\/\/ananda-fuerte.com\/"},{"@type":"ListItem","position":2,"name":"Impressum"}]},{"@type":"WebSite","@id":"https:\/\/ananda-fuerte.com\/#website","url":"https:\/\/ananda-fuerte.com\/","name":"Ananda Ergotherapie und Yoga","description":"Yoga und Ergotherapie auf Fuerteventura","publisher":{"@id":"https:\/\/ananda-fuerte.com\/#organization"},"potentialAction":[{"@type":"SearchAction","target":{"@type":"EntryPoint","urlTemplate":"https:\/\/ananda-fuerte.com\/?s={search_term_string}"},"query-input":"required name=search_term_string"}],"inLanguage":"en-GB"},{"@type":"Organization","@id":"https:\/\/ananda-fuerte.com\/#organization","name":"Ananda Ergotherapie und Yoga","url":"https:\/\/ananda-fuerte.com\/","logo":{"@type":"ImageObject","inLanguage":"en-GB","@id":"https:\/\/ananda-fuerte.com\/#\/schema\/logo\/image\/","url":"https:\/\/ananda-fuerte.com\/wp-content\/uploads\/2021\/11\/cropped-20211103_131625_0000.png","contentUrl":"https:\/\/ananda-fuerte.com\/wp-content\/uploads\/2021\/11\/cropped-20211103_131625_0000.png","width":500,"height":178,"caption":"Ananda Ergotherapie und Yoga"},"image":{"@id":"https:\/\/ananda-fuerte.com\/#\/schema\/logo\/image\/"}}]}},"_links":{"self":[{"href":"https:\/\/ananda-fuerte.com\/en\/wp-json\/wp\/v2\/pages\/468"}],"collection":[{"href":"https:\/\/ananda-fuerte.com\/en\/wp-json\/wp\/v2\/pages"}],"about":[{"href":"https:\/\/ananda-fuerte.com\/en\/wp-json\/wp\/v2\/types\/page"}],"author":[{"embeddable":true,"href":"https:\/\/ananda-fuerte.com\/en\/wp-json\/wp\/v2\/users\/1"}],"replies":[{"embeddable":true,"href":"https:\/\/ananda-fuerte.com\/en\/wp-json\/wp\/v2\/comments?post=468"}],"version-history":[{"count":13,"href":"https:\/\/ananda-fuerte.com\/en\/wp-json\/wp\/v2\/pages\/468\/revisions"}],"predecessor-version":[{"id":2259,"href":"https:\/\/ananda-fuerte.com\/en\/wp-json\/wp\/v2\/pages\/468\/revisions\/2259"}],"wp:attachment":[{"href":"https:\/\/ananda-fuerte.com\/en\/wp-json\/wp\/v2\/media?parent=468"}],"curies":[{"name":"wp","href":"https:\/\/api.w.org\/{rel}","templated":true}]}}